{"id":8025,"date":"2025-01-09T17:21:59","date_gmt":"2025-01-09T16:21:59","guid":{"rendered":"https:\/\/aebarcelona.eu\/?page_id=8025"},"modified":"2025-01-09T17:22:02","modified_gmt":"2025-01-09T16:22:02","slug":"barcelona-hypatia-european-science-prize-call","status":"publish","type":"page","link":"https:\/\/aebarcelona.eu\/ca\/barcelona-hypatia-european-science-prize\/call","title":{"rendered":"Barcelona Hypatia European Science Prize &#8211; Call"},"content":{"rendered":"<p>[et_pb_section fb_built=&#8221;1&#8243; fullwidth=&#8221;on&#8221; admin_label=&#8221;Page Header&#8221; _builder_version=&#8221;4.21.0&#8243; background_image=&#8221;https:\/\/aebarcelona.eu\/wp-content\/uploads\/2023\/07\/barcelona-prizes.webp&#8221; parallax=&#8221;on&#8221; global_colors_info=&#8221;{}&#8221;][et_pb_fullwidth_header title=&#8221;Premi Europeu de Ci\u00e8ncia Hip\u00e0tia&#8221; text_orientation=&#8221;center&#8221; button_one_url=&#8221;https:\/\/aebarcelona.eu\/wp-content\/uploads\/2023\/10\/Barcelona-Hypatia-European-Science-Prize-2023-1.pdf&#8221; admin_label=&#8221;Hero Section&#8221; _builder_version=&#8221;4.21.0&#8243; title_font=&#8221;Montserrat|on|||&#8221; title_font_size=&#8221;60px&#8221; title_line_height=&#8221;1.4em&#8221; content_font_size=&#8221;22px&#8221; content_line_height=&#8221;1.8em&#8221; subhead_font=&#8221;||||&#8221; background_color=&#8221;rgba(255, 255, 255, 0)&#8221; use_background_color_gradient=&#8221;on&#8221; background_color_gradient_stops=&#8221;rgba(58,52,226,0.93) 0%|rgba(73,108,220,0.7) 100%&#8221; background_color_gradient_start=&#8221;rgba(58,52,226,0.93)&#8221; background_color_gradient_end=&#8221;rgba(73,108,220,0.7)&#8221; custom_button_one=&#8221;on&#8221; button_one_text_size=&#8221;16px&#8221; button_one_bg_color=&#8221;#6eba01&#8243; button_one_border_width=&#8221;2px&#8221; button_one_border_color=&#8221;#6eba01&#8243; button_one_border_radius=&#8221;0&#8243; button_one_letter_spacing=&#8221;2&#8243; button_one_font=&#8221;Montserrat|||on|&#8221; button_one_use_icon=&#8221;off&#8221; custom_button_two=&#8221;on&#8221; button_two_text_size=&#8221;16px&#8221; button_two_border_width=&#8221;2px&#8221; button_two_border_color=&#8221;#ffffff&#8221; button_two_border_radius=&#8221;0&#8243; button_two_letter_spacing=&#8221;2&#8243; button_two_font=&#8221;Montserrat|||on|&#8221; button_two_use_icon=&#8221;off&#8221; module_alignment=&#8221;left&#8221; animation_style=&#8221;fade&#8221; hover_enabled=&#8221;0&#8243; button_one_text_color_hover=&#8221;#6eba01&#8243; button_two_text_color_hover=&#8221;#6eba01&#8243; button_one_border_color_hover=&#8221;#ffffff&#8221; button_two_border_color_hover=&#8221;#ffffff&#8221; button_one_border_radius_hover=&#8221;0&#8243; button_two_border_radius_hover=&#8221;0&#8243; button_one_letter_spacing_hover=&#8221;2&#8243; button_two_letter_spacing_hover=&#8221;2&#8243; button_one_bg_color_hover=&#8221;#ffffff&#8221; button_two_bg_color_hover=&#8221;#ffffff&#8221; global_colors_info=&#8221;{}&#8221; button_one_text_size__hover_enabled=&#8221;off&#8221; button_two_text_size__hover_enabled=&#8221;off&#8221; button_one_text_color__hover_enabled=&#8221;on&#8221; button_one_text_color__hover=&#8221;#6eba01&#8243; button_two_text_color__hover_enabled=&#8221;on&#8221; button_two_text_color__hover=&#8221;#6eba01&#8243; button_one_border_width__hover_enabled=&#8221;off&#8221; button_two_border_width__hover_enabled=&#8221;off&#8221; button_one_border_color__hover_enabled=&#8221;on&#8221; button_one_border_color__hover=&#8221;#ffffff&#8221; button_two_border_color__hover_enabled=&#8221;on&#8221; button_two_border_color__hover=&#8221;#ffffff&#8221; button_one_border_radius__hover_enabled=&#8221;on&#8221; button_one_border_radius__hover=&#8221;0&#8243; button_two_border_radius__hover_enabled=&#8221;on&#8221; button_two_border_radius__hover=&#8221;0&#8243; button_one_letter_spacing__hover_enabled=&#8221;on&#8221; button_one_letter_spacing__hover=&#8221;2&#8243; button_two_letter_spacing__hover_enabled=&#8221;on&#8221; button_two_letter_spacing__hover=&#8221;2&#8243; button_one_bg_color__hover_enabled=&#8221;on&#8221; button_one_bg_color__hover=&#8221;#ffffff&#8221; button_two_bg_color__hover_enabled=&#8221;on&#8221; button_two_bg_color__hover=&#8221;#ffffff&#8221; subhead__hover_enabled=&#8221;on|desktop&#8221; subhead__hover=&#8221;FOURTH EDITION: SCIENCE AND TECHNOLOGY&#8221; sticky_enabled=&#8221;0&#8243;][\/et_pb_fullwidth_header][\/et_pb_section][et_pb_section fb_built=&#8221;1&#8243; admin_label=&#8221;Services&#8221; _builder_version=&#8221;4.21.0&#8243; custom_padding=&#8221;90px||45px|||&#8221; link_option_url=&#8221;https:\/\/aebarcelona.eu\/wp-content\/uploads\/2023\/10\/Hypatia-23_300x250.gif&#8221; locked=&#8221;off&#8221; global_colors_info=&#8221;{}&#8221;][et_pb_row _builder_version=&#8221;4.16&#8243; background_size=&#8221;initial&#8221; background_position=&#8221;top_left&#8221; background_repeat=&#8221;repeat&#8221; custom_width_px=&#8221;710px&#8221; global_colors_info=&#8221;{}&#8221;][et_pb_column type=&#8221;4_4&#8243; _builder_version=&#8221;4.16&#8243; background_position=&#8221;top_left&#8221; custom_padding=&#8221;|||&#8221; global_colors_info=&#8221;{}&#8221; custom_padding__hover=&#8221;|||&#8221;][et_pb_text _builder_version=&#8221;4.21.0&#8243; _module_preset=&#8221;default&#8221; header_text_color=&#8221;#000000&#8243; background_color=&#8221;#FFFFFF&#8221; link_option_url=&#8221;https:\/\/ajuntament.barcelona.cat\/premsa\/2024\/02\/16\/barcelona-concedira-el-iv-premi-hipatia-a-nuria-oliver-experta-internacional-en-intelligencia-artificial\/&#8221; link_option_url_new_window=&#8221;on&#8221; hover_enabled=&#8221;0&#8243; global_colors_info=&#8221;{}&#8221; sticky_enabled=&#8221;0&#8243;]<\/p>\n<h1>CONVOCAT\u00d2RIA DE LA CINQUENA EDICI\u00d3!<\/h1>\n<p>[\/et_pb_text][et_pb_text _builder_version=&#8221;4.21.0&#8243; _module_preset=&#8221;default&#8221; hover_enabled=&#8221;0&#8243; sticky_enabled=&#8221;0&#8243;]<\/p>\n<p><strong>Requisits de les candidatures<\/strong><\/p>\n<p><span>\u00a0<\/span><span>En aquesta cinquena edici\u00f3, les candidatures proposades han de provenir de l\u2019\u00e0mbit del coneixement de les <strong>Ci\u00e8ncies de la Vida i de la Salut.<\/strong><\/span><\/p>\n<p><span>\u00a0<\/span><span>Queden excloses d\u2019aquesta convocat\u00f2ria candidatures que provinguin dels seg\u00fcents \u00e0mbits:<\/span><\/p>\n<ul>\n<li><span> <\/span><span>Ci\u00e8ncia i tecnologia<\/span><\/li>\n<li><span> <\/span><span>Ci\u00e8ncies socials i humanitats<\/span><\/li>\n<\/ul>\n<p><span>\u00a0<\/span><strong>Requisits de participaci\u00f3<\/strong><\/p>\n<p><span>\u00a0<\/span><span>El premi s\u2019adre\u00e7a a persones f\u00edsiques del camp de la recerca, que acompleixin els seg\u00fcents requisits:<\/span><\/p>\n<p><span>\u00a0<\/span>Que hagin desenvolupat la seva traject\u00f2ria de recerca majorit\u00e0riament en un pa\u00eds<\/p>\n<ul>\n<li><span> <\/span><span>Que la seva traject\u00f2ria investigadora sigui d\u2019excel\u00b7l\u00e8ncia i al m\u00e9s alt nivell <\/span><\/li>\n<li><span> <\/span><span>Que la seva traject\u00f2ria es pugui englobar dins de l\u2019\u00e0mbit de les ci\u00e8ncies de la vida i de la <\/span><\/li>\n<\/ul>\n<p><span>\u00a0<\/span><span>Nom\u00e9s s\u2019acceptar\u00e0 una sol\u00b7licitud per candidatura. En cas que existeixin dues sol\u00b7licituds que proposin la mateixa persona candidata, l\u2019\u00f2rgan instructor es posar\u00e0 en contacte amb ambdues <\/span><span>sol\u00b7licitants per tal de consensuar-ne una de sola. En cas de no arribar a un acord, s\u2019acceptar\u00e0 la primera que es va presentar.<\/span><\/p>\n<p><span>\u00a0<\/span><strong>Termini, forma i contingut de presentaci\u00f3 de candidatures<\/strong><\/p>\n<p><span>\u00a0<\/span><span>El termini de presentaci\u00f3 de les candidatures comen\u00e7ar\u00e0 el dia 11 de juliol de 2024 i l\u2019endem\u00e0 de la publicaci\u00f3 i finalitzar\u00e0 al cap de dos mesos.<\/span><\/p>\n<p>Proponent 1: podr\u00e0 ser una persona f\u00edsica de l\u2019<em>Academia Europaea<\/em>, una persona f\u00edsica del Consell Assessor Cient\u00edfic de Barcelona, o el propi consell de manera col\u00b7legiada, a trav\u00e9s de la seva Presid\u00e8ncia.<\/p>\n<p><span>Proponent 2: ha de ser una persona f\u00edsica de l\u2019<em>Academia Europaea <\/em>(\u201cAE-BKH\u201d en endavant), que exercir\u00e0 d\u2019aval a la candidatura.<\/span><\/p>\n<p><span>El Proponent 1 i el Proponent 2 han de treballar en institucions de pa\u00efsos diferents, i en cap cas poden ser la mateixa persona f\u00edsica.<\/span><\/p>\n<p><span>La sol\u00b7licitud de candidatura per conc\u00f3rrer a la present convocat\u00f2ria consta de la seg\u00fcent documentaci\u00f3 a presentar:<\/span><\/p>\n<p><span>La presentaci\u00f3 de la sol\u00b7licitud de la candidatura comporta l\u2019acceptaci\u00f3 de rebre les comunicacions previstes en aquesta convocat\u00f2ria a l\u2019adre\u00e7a electr\u00f2nica indicada a la documentaci\u00f3 de la sol\u00b7licitud.<\/span><\/p>\n<p><span>\u00a0<\/span><span>De conformitat amb el que estableix l\u2019article 7\u00e8. 5 de la Normativa general reguladora de les subvencions municipals, s\u2019atorgar\u00e0 un termini d\u2019esmena de 10 dies h\u00e0bils de la sol\u00b7licitud en el cas que aquesta no reuneixi els requisits establerts anteriorment, indicant que si no s\u2019esmen\u00e9s es tindr\u00e0 per desistida la sol\u00b7licitud.<\/span><\/p>\n<p><span>\u00a0<\/span><\/p>\n<p>[\/et_pb_text][et_pb_text admin_label=&#8221;Services Section Subtitle&#8221; _builder_version=&#8221;4.21.0&#8243; text_font_size=&#8221;16px&#8221; text_line_height=&#8221;1.9em&#8221; background_size=&#8221;initial&#8221; background_position=&#8221;top_left&#8221; background_repeat=&#8221;repeat&#8221; text_orientation=&#8221;center&#8221; max_width=&#8221;710px&#8221; module_alignment=&#8221;center&#8221; animation_style=&#8221;fold&#8221; animation_direction=&#8221;bottom&#8221; animation_intensity_fold=&#8221;20%&#8221; hover_enabled=&#8221;0&#8243; global_colors_info=&#8221;{}&#8221; sticky_enabled=&#8221;0&#8243; disabled_on=&#8221;on|on|on&#8221; disabled=&#8221;on&#8221;]<\/p>\n<div class=\"field field--name-field-entradeta field--type-text-long field--label-hidden\">\n<div class=\"field__item entradeta\">\n<p style=\"text-align: left;\">L\u2019Ajuntament de Barcelona, en col\u00b7laboraci\u00f3 amb l\u2019Academia Europaea (Barcelona Knowledge Hub, AE-BKH), atorga\u00a0aquest premi amb periodicitat anual amb l\u2019objectiu de contribuir a la visibilitat de la ci\u00e8ncia, aix\u00ed com promoure, refor\u00e7ar i maximitzar en l\u2019\u00e0mbit europeu el valor de la recerca de l\u2019excel\u00b7l\u00e8ncia i del seu impacte sobre la societat.<\/p>\n<\/div>\n<\/div>\n<div class=\"field field--name-body field--type-text-with-summary field--label-hidden\">\n<p style=\"text-align: left;\">Amb la celebraci\u00f3 d\u2019aquest premi, es pret\u00e9n donar un impuls a la ciutat de Barcelona com a capital europea de la ci\u00e8ncia donant suport al coneixement cient\u00edfic i a la investigaci\u00f3 en diferents \u00e0rees. El premi vol esdevenir un reconeixement a la millor carrera i traject\u00f2ria d\u2019una persona en l\u2019\u00e0mbit cient\u00edfic i de la investigaci\u00f3 desenvolupada al m\u00e9s alt nivell internacional, amb influ\u00e8ncia sobre diferents camps del coneixement i amb impacte positiu en el benestar de la humanitat.<\/p>\n<p>El Premi Hip\u00e0tia s&#8217;atorga anualment i segueix un cicle triennal, rotant cada any entre tres grans \u00e0rees de coneixement:<br \/>\u25cf Ci\u00e8ncia i Tecnologia<br \/>\u25cf Ci\u00e8ncies de la vida i de la salut<br \/>\u25cf Humanitats i Ci\u00e8ncies Socials<br \/>La convocat\u00f2ria s&#8217;adre\u00e7a a cient\u00edfics i investigadors que hagin dut a terme la seva recerca en un pa\u00eds europeu, havent aconseguit una carrera d&#8217;excel\u00b7l\u00e8ncia al m\u00e9s alt nivell internacional, una influ\u00e8ncia positiva en la societat i el benestar social, i impacte en diferents camps de coneixement.<\/p>\n<p>El nom del Premi fa honor a Hip\u00e0tia d&#8217;Alexandria (344-415), una dona cient\u00edfica i fil\u00f2sofa que va aconseguir unir i difondre totes les disciplines erudites conegudes durant el seu temps i que, per aquest mateix motiu, va ser assassinada per les forces de la ignor\u00e0ncia i el fanatisme.<br \/><em>Per a m\u00e9s informaci\u00f3: AEbarcelona@fundaciorecerca.cat<\/em><\/p>\n<p style=\"text-align: left;\">\n<\/div>\n<p>[\/et_pb_text][et_pb_divider color=&#8221;#4e5ed0&#8243; divider_weight=&#8221;3px&#8221; disabled_on=&#8221;off|off|off&#8221; _builder_version=&#8221;4.16&#8243; background_color_gradient_direction=&#8221;90deg&#8221; max_width=&#8221;100px&#8221; module_alignment=&#8221;center&#8221; height=&#8221;5px&#8221; custom_margin=&#8221;||20px|&#8221; custom_padding=&#8221;||20px|&#8221; animation_style=&#8221;slide&#8221; animation_direction=&#8221;bottom&#8221; saved_tabs=&#8221;all&#8221; locked=&#8221;off&#8221; global_colors_info=&#8221;{}&#8221;][\/et_pb_divider][et_pb_text _builder_version=&#8221;4.21.0&#8243; _module_preset=&#8221;default&#8221; header_3_text_align=&#8221;center&#8221; header_3_text_color=&#8221;#000000&#8243; header_3_font_size=&#8221;35px&#8221; global_colors_info=&#8221;{}&#8221;]<\/p>\n<h3>Candidats<\/h3>\n<p>[\/et_pb_text][et_pb_text admin_label=&#8221;Services Section Subtitle&#8221; _builder_version=&#8221;4.21.0&#8243; text_font_size=&#8221;16px&#8221; text_line_height=&#8221;1.9em&#8221; background_size=&#8221;initial&#8221; background_position=&#8221;top_left&#8221; background_repeat=&#8221;repeat&#8221; text_orientation=&#8221;center&#8221; max_width=&#8221;710px&#8221; module_alignment=&#8221;center&#8221; animation_style=&#8221;fold&#8221; animation_direction=&#8221;bottom&#8221; animation_intensity_fold=&#8221;20%&#8221; global_colors_info=&#8221;{}&#8221;]<\/p>\n<p>Els candidats al Premi Hip\u00e0tia NO han de ser necess\u00e0riament membres de l\u2019Academia Europaea ni d\u2019origen europeu, per\u00f2 s\u00ed que han d\u2019haver desenvolupat la seva recerca principalment a Europa. Els candidats al Premi Hip\u00e0tia han de ser proposats, de manera an\u00f2nima, per un nominador principal (Nominador 1) i necessiten el suport d\u2019un segon nominador (Nominador 2).<\/p>\n<p>El Nominador 1 ha de ser: o b\u00e9 un membre de l\u2019Academia Europaea (MAE) de qualsevol secci\u00f3; o b\u00e9 un membre del Consell Assessor Cient\u00edfic (CAC) de l\u2019Ajuntament de Barcelona; o b\u00e9 el CAC en el seu conjunt, representat pel seu president o el seu secretari. El Nominador 2 ha de ser un membre de l\u2019Academia Europaea de qualsevol secci\u00f3. Els dos Nominadors han de pert\u00e0nyer a pa\u00efsos diferents.<\/p>\n<p>[\/et_pb_text][\/et_pb_column][\/et_pb_row][\/et_pb_section][et_pb_section fb_built=&#8221;1&#8243; admin_label=&#8221;Email Subscribe&#8221; _builder_version=&#8221;4.21.0&#8243; use_background_color_gradient=&#8221;on&#8221; background_color_gradient_stops=&#8221;rgba(76,72,227,0.96) 0%|rgba(73,108,220,0.93) 100%&#8221; background_color_gradient_start=&#8221;rgba(76,72,227,0.96)&#8221; background_color_gradient_end=&#8221;rgba(73,108,220,0.93)&#8221; custom_padding=&#8221;46px||45px|||&#8221; animation_style=&#8221;fold&#8221; animation_direction=&#8221;bottom&#8221; animation_intensity_fold=&#8221;4%&#8221; hover_enabled=&#8221;0&#8243; global_colors_info=&#8221;{}&#8221; disabled_on=&#8221;on|on|on&#8221; disabled=&#8221;on&#8221; sticky_enabled=&#8221;0&#8243;][et_pb_row _builder_version=&#8221;4.16&#8243; background_size=&#8221;initial&#8221; background_position=&#8221;top_left&#8221; background_repeat=&#8221;repeat&#8221; custom_width_px=&#8221;710px&#8221; global_colors_info=&#8221;{}&#8221;][et_pb_column type=&#8221;4_4&#8243; _builder_version=&#8221;4.16&#8243; background_position=&#8221;top_left&#8221; custom_padding=&#8221;|||&#8221; global_colors_info=&#8221;{}&#8221; custom_padding__hover=&#8221;|||&#8221;][et_pb_divider color=&#8221;#ffffff&#8221; divider_weight=&#8221;3px&#8221; disabled_on=&#8221;off|off|off&#8221; _builder_version=&#8221;4.16&#8243; background_color_gradient_direction=&#8221;90deg&#8221; max_width=&#8221;100px&#8221; module_alignment=&#8221;center&#8221; height=&#8221;5px&#8221; custom_margin=&#8221;||20px|&#8221; custom_padding=&#8221;||20px|&#8221; animation_style=&#8221;slide&#8221; animation_direction=&#8221;bottom&#8221; hover_enabled=&#8221;0&#8243; saved_tabs=&#8221;all&#8221; locked=&#8221;off&#8221; global_colors_info=&#8221;{}&#8221; sticky_enabled=&#8221;0&#8243;][\/et_pb_divider][et_pb_text _builder_version=&#8221;4.21.0&#8243; _module_preset=&#8221;default&#8221; header_text_color=&#8221;#FFFFFF&#8221; header_3_text_align=&#8221;center&#8221; header_3_text_color=&#8221;#FFFFFF&#8221; header_3_font_size=&#8221;35px&#8221; global_colors_info=&#8221;{}&#8221;]<\/p>\n<h3>Premi<\/h3>\n<p>[\/et_pb_text][et_pb_text admin_label=&#8221;Request Section Subtitle&#8221; _builder_version=&#8221;4.21.0&#8243; text_font_size=&#8221;16px&#8221; text_line_height=&#8221;1.9em&#8221; background_size=&#8221;initial&#8221; background_position=&#8221;top_left&#8221; background_repeat=&#8221;repeat&#8221; text_orientation=&#8221;center&#8221; background_layout=&#8221;dark&#8221; max_width=&#8221;710px&#8221; module_alignment=&#8221;center&#8221; animation_style=&#8221;fold&#8221; animation_direction=&#8221;bottom&#8221; animation_intensity_fold=&#8221;20%&#8221; global_colors_info=&#8221;{}&#8221;]<\/p>\n<p>Els guanyadors del premi s\u00f3n seleccionats mitjan\u00e7ant un jurat internacional format per cinc membres: dos designats per l\u2019Academia Europaea, dos nomenats per l\u2019Ajuntament de Barcelona, i un escollit conjuntament per l\u2019Academia Europaea i l\u2019Ajuntament de Barcelona.<\/p>\n<p>El Premi Hip\u00e0tia segueix un cicle de tres anys i rota cada any entre tres \u00e0rees de coneixement principals: Ci\u00e8ncia i tecnologia, Ci\u00e8ncies de la vida i de la salut, i Humanitats i ci\u00e8ncies socials.<\/p>\n<p>[\/et_pb_text][\/et_pb_column][\/et_pb_row][\/et_pb_section][et_pb_section fb_built=&#8221;1&#8243; _builder_version=&#8221;4.21.0&#8243; _module_preset=&#8221;default&#8221; global_colors_info=&#8221;{}&#8221;][et_pb_row _builder_version=&#8221;4.21.0&#8243; _module_preset=&#8221;default&#8221; global_colors_info=&#8221;{}&#8221;][et_pb_column type=&#8221;4_4&#8243; _builder_version=&#8221;4.21.0&#8243; _module_preset=&#8221;default&#8221; global_colors_info=&#8221;{}&#8221;][et_pb_divider color=&#8221;#4e5ed0&#8243; divider_weight=&#8221;3px&#8221; disabled_on=&#8221;off|off|off&#8221; _builder_version=&#8221;4.16&#8243; background_color_gradient_direction=&#8221;90deg&#8221; max_width=&#8221;100px&#8221; module_alignment=&#8221;center&#8221; height=&#8221;5px&#8221; custom_margin=&#8221;||20px|&#8221; custom_padding=&#8221;||20px|&#8221; animation_style=&#8221;slide&#8221; animation_direction=&#8221;bottom&#8221; saved_tabs=&#8221;all&#8221; locked=&#8221;off&#8221; global_colors_info=&#8221;{}&#8221;][\/et_pb_divider][et_pb_text _builder_version=&#8221;4.21.0&#8243; _module_preset=&#8221;default&#8221; header_3_text_align=&#8221;center&#8221; header_3_text_color=&#8221;#000000&#8243; header_3_font_size=&#8221;35px&#8221; hover_enabled=&#8221;0&#8243; global_colors_info=&#8221;{}&#8221; disabled_on=&#8221;on|on|on&#8221; disabled=&#8221;on&#8221; sticky_enabled=&#8221;0&#8243;]<\/p>\n<h3>GUANYADORS ANTERIORS DEL PREMI EUROPEU DE CI\u00c8NCIA HIP\u00c0TIA DE BARCELONA<\/h3>\n<p>[\/et_pb_text][\/et_pb_column][\/et_pb_row][et_pb_row column_structure=&#8221;1_2,1_2&#8243; _builder_version=&#8221;4.21.0&#8243; background_size=&#8221;initial&#8221; background_position=&#8221;top_left&#8221; background_repeat=&#8221;repeat&#8221; custom_padding=&#8221;45px|||||&#8221; hover_enabled=&#8221;0&#8243; locked=&#8221;off&#8221; global_colors_info=&#8221;{}&#8221; disabled_on=&#8221;on|on|on&#8221; disabled=&#8221;on&#8221; sticky_enabled=&#8221;0&#8243;][et_pb_column type=&#8221;1_2&#8243; _builder_version=&#8221;4.16&#8243; background_position=&#8221;top_left&#8221; custom_padding=&#8221;|||&#8221; global_colors_info=&#8221;{}&#8221; custom_padding__hover=&#8221;|||&#8221;][et_pb_blurb title=&#8221;PRIMERA EDICI\u00d3 (CI\u00c8NCIA I TECNOLOGIA)&#8221; use_icon=&#8221;on&#8221; font_icon=&#8221;&#xf534;||fa||900&#8243; icon_color=&#8221;#4e5ed0&#8243; image_icon_width=&#8221;60px&#8221; admin_label=&#8221;Service 03&#8243; _builder_version=&#8221;4.21.0&#8243; header_font=&#8221;Montserrat||||&#8221; header_text_color=&#8221;#1f1f1f&#8221; header_font_size=&#8221;22px&#8221; header_line_height=&#8221;1.8em&#8221; body_font_size=&#8221;16px&#8221; body_line_height=&#8221;1.9em&#8221; background_size=&#8221;initial&#8221; background_position=&#8221;top_left&#8221; background_repeat=&#8221;repeat&#8221; text_orientation=&#8221;center&#8221; animation_style=&#8221;fold&#8221; animation_direction=&#8221;bottom&#8221; animation_delay=&#8221;300ms&#8221; animation_intensity_fold=&#8221;30%&#8221; icon_font_size=&#8221;60px&#8221; global_colors_info=&#8221;{}&#8221;]<\/p>\n<p>El matem\u00e0tic hongar\u00e8s L\u00c1SZL\u00d3 LOV\u00c1SZ, antic president de l\u2019Acad\u00e8mia de Ci\u00e8ncies d\u2019Hongria, va ser seleccionat per la seva destacada traject\u00f2ria en el camp de les matem\u00e0tiques i per la seva contribuci\u00f3 al progr\u00e9s social a trav\u00e9s de la ci\u00e8ncia.<\/p>\n<p>[\/et_pb_blurb][\/et_pb_column][et_pb_column type=&#8221;1_2&#8243; _builder_version=&#8221;4.16&#8243; background_position=&#8221;top_left&#8221; custom_padding=&#8221;|||&#8221; global_colors_info=&#8221;{}&#8221; custom_padding__hover=&#8221;|||&#8221;][et_pb_blurb title=&#8221;SEGONA EDICI\u00d3 (CI\u00c8NCIES DE LA VIDA I DE LA SALUT)&#8221; use_icon=&#8221;on&#8221; font_icon=&#8221;&#xf21e;||fa||900&#8243; icon_color=&#8221;#4e5ed0&#8243; image_icon_width=&#8221;60px&#8221; admin_label=&#8221;Service 02&#8243; _builder_version=&#8221;4.21.0&#8243; header_font=&#8221;Montserrat||||&#8221; header_text_color=&#8221;#1f1f1f&#8221; header_font_size=&#8221;22px&#8221; header_line_height=&#8221;1.8em&#8221; body_font_size=&#8221;16px&#8221; body_line_height=&#8221;1.9em&#8221; background_size=&#8221;initial&#8221; background_position=&#8221;top_left&#8221; background_repeat=&#8221;repeat&#8221; text_orientation=&#8221;center&#8221; animation_style=&#8221;fold&#8221; animation_direction=&#8221;bottom&#8221; animation_delay=&#8221;100ms&#8221; animation_intensity_fold=&#8221;30%&#8221; icon_font_size=&#8221;60px&#8221; global_colors_info=&#8221;{}&#8221;]<\/p>\n<p>La vir\u00f2loga italiana ILARIA CAPUA, directora del One Health Center of Excellence de la Universitat de Florida, va ser escollida pel seu lideratge en la promoci\u00f3 de l\u2019acc\u00e9s obert a la informaci\u00f3 gen\u00e8tica de virus emergents i pel seu impacte en la societat gr\u00e0cies a les seves contribucions al concepte multidisciplinari d\u2019\u201cuna sola salut\u201d, que aglutina la salut humana, animal i ambiental.<\/p>\n<p>[\/et_pb_blurb][\/et_pb_column][\/et_pb_row][et_pb_row column_structure=&#8221;1_2,1_2&#8243; _builder_version=&#8221;4.21.0&#8243; background_size=&#8221;initial&#8221; background_position=&#8221;top_left&#8221; background_repeat=&#8221;repeat&#8221; custom_padding=&#8221;45px|||||&#8221; hover_enabled=&#8221;0&#8243; locked=&#8221;off&#8221; global_colors_info=&#8221;{}&#8221; disabled_on=&#8221;on|on|on&#8221; disabled=&#8221;on&#8221; sticky_enabled=&#8221;0&#8243;][et_pb_column type=&#8221;1_2&#8243; _builder_version=&#8221;4.16&#8243; background_position=&#8221;top_left&#8221; custom_padding=&#8221;|||&#8221; global_colors_info=&#8221;{}&#8221; custom_padding__hover=&#8221;|||&#8221;][et_pb_blurb title=&#8221;TERCERA EDICI\u00d3 (HUMANITATS I CI\u00c8NCIES SOCIALS)&#8221; use_icon=&#8221;on&#8221; font_icon=&#8221;&#xe08b;||divi||400&#8243; icon_color=&#8221;#4e5ed0&#8243; image_icon_width=&#8221;60px&#8221; admin_label=&#8221;Service 01&#8243; _builder_version=&#8221;4.21.0&#8243; header_font=&#8221;Montserrat||||&#8221; header_text_color=&#8221;#1f1f1f&#8221; header_font_size=&#8221;22px&#8221; header_line_height=&#8221;1.8em&#8221; body_font_size=&#8221;16px&#8221; body_line_height=&#8221;1.9em&#8221; background_size=&#8221;initial&#8221; background_position=&#8221;top_left&#8221; background_repeat=&#8221;repeat&#8221; text_orientation=&#8221;center&#8221; animation_style=&#8221;fold&#8221; animation_direction=&#8221;bottom&#8221; animation_intensity_fold=&#8221;30%&#8221; icon_font_size=&#8221;60px&#8221; global_colors_info=&#8221;{}&#8221;]<\/p>\n<p>La fil\u00f2sofa estatunidenca NANCY CARTWRIGHT, directora del Centre for Humanities Engaging Science and Society (CHESS) de la Universitat de Durham (Regne Unit), va ser seleccionada per les seves contribucions a la recerca filos\u00f2fica, a trav\u00e9s de les quals s\u2019ha arribat a una nova comprensi\u00f3 de la naturalesa de les teories cient\u00edfiques i de la causalitat.<\/p>\n<p>[\/et_pb_blurb][\/et_pb_column][et_pb_column type=&#8221;1_2&#8243; _builder_version=&#8221;4.16&#8243; background_position=&#8221;top_left&#8221; custom_padding=&#8221;|||&#8221; global_colors_info=&#8221;{}&#8221; custom_padding__hover=&#8221;|||&#8221;][et_pb_blurb title=&#8221;QUARTA EDICI\u00d3 (CI\u00c8NCIA I TECNOLOGIA)&#8221; use_icon=&#8221;on&#8221; font_icon=&#8221;&#xf534;||fa||900&#8243; icon_color=&#8221;#4e5ed0&#8243; image_icon_width=&#8221;60px&#8221; admin_label=&#8221;Service 03&#8243; _builder_version=&#8221;4.21.0&#8243; header_font=&#8221;Montserrat||||&#8221; header_text_color=&#8221;#1f1f1f&#8221; header_font_size=&#8221;22px&#8221; header_line_height=&#8221;1.8em&#8221; body_font_size=&#8221;16px&#8221; body_line_height=&#8221;1.9em&#8221; background_size=&#8221;initial&#8221; background_position=&#8221;top_left&#8221; background_repeat=&#8221;repeat&#8221; text_orientation=&#8221;center&#8221; animation_style=&#8221;fold&#8221; animation_direction=&#8221;bottom&#8221; animation_delay=&#8221;300ms&#8221; animation_intensity_fold=&#8221;30%&#8221; icon_font_size=&#8221;60px&#8221; global_colors_info=&#8221;{}&#8221;]<\/p>\n<p><span>L\u2019experta en intel\u00b7lig\u00e8ncia artificial\u00a0<strong>Nuria Oliver<\/strong>\u00a0\u00e9s la guanyadora del quart Premi Hip\u00e0tia dins la categoria de Ci\u00e8ncia i Tecnologia per la seva recerca d\u2019excel\u00b7l\u00e8ncia en el desenvolupament de nous m\u00e8todes i sistemes d\u2019IA per impulsar un impacte social positiu, una traject\u00f2ria d\u2019excepcional influ\u00e8ncia internacional que s\u2019ha tradu\u00eft en m\u00e9s de 40 patents registrades.<\/span><\/p>\n<p>[\/et_pb_blurb][\/et_pb_column][\/et_pb_row][\/et_pb_section][et_pb_section fb_built=&#8221;1&#8243; disabled_on=&#8221;off|off|off&#8221; admin_label=&#8221;Footer&#8221; _builder_version=&#8221;4.21.0&#8243; background_image=&#8221;https:\/\/aebarcelona.eu\/wp-content\/uploads\/2023\/07\/imagen6glass-globe-ball-business-report-background-scaled.jpg&#8221; parallax=&#8221;on&#8221; custom_padding=&#8221;90px||90px|&#8221; hover_enabled=&#8221;0&#8243; saved_tabs=&#8221;all&#8221; global_colors_info=&#8221;{}&#8221; sticky_enabled=&#8221;0&#8243;][et_pb_row column_structure=&#8221;1_3,2_3&#8243; use_custom_gutter=&#8221;on&#8221; gutter_width=&#8221;2&#8243; make_equal=&#8221;on&#8221; _builder_version=&#8221;4.16&#8243; background_size=&#8221;initial&#8221; background_position=&#8221;top_left&#8221; background_repeat=&#8221;repeat&#8221; custom_padding=&#8221;|||&#8221; global_colors_info=&#8221;{}&#8221;][et_pb_column type=&#8221;1_3&#8243; _builder_version=&#8221;4.16&#8243; background_color=&#8221;#ffffff&#8221; background_position=&#8221;top_left&#8221; custom_padding=&#8221;50px|40px|50px|40px&#8221; global_colors_info=&#8221;{}&#8221; custom_padding__hover=&#8221;|||&#8221;][et_pb_text admin_label=&#8221;Contact US Title&#8221; _builder_version=&#8221;4.21.0&#8243; text_font=&#8221;|700|||||||&#8221; text_font_size=&#8221;18px&#8221; header_font=&#8221;Montserrat||||&#8221; header_text_color=&#8221;#1f1f1f&#8221; header_font_size=&#8221;22px&#8221; header_3_text_color=&#8221;#000000&#8243; header_3_font_size=&#8221;25px&#8221; custom_padding=&#8221;0px|0px|0px|0px&#8221; animation_style=&#8221;fold&#8221; animation_direction=&#8221;bottom&#8221; animation_intensity_fold=&#8221;20%&#8221; hover_enabled=&#8221;0&#8243; global_colors_info=&#8221;{}&#8221; sticky_enabled=&#8221;0&#8243;]<\/p>\n<p><span>Submit the candidature you propose<\/span><\/p>\n<p>[\/et_pb_text][et_pb_text admin_label=&#8221;Contact US Text&#8221; _builder_version=&#8221;4.21.0&#8243; text_font_size=&#8221;16px&#8221; text_line_height=&#8221;1.8em&#8221; header_font=&#8221;||||&#8221; header_text_color=&#8221;#1f1f1f&#8221; custom_margin=&#8221;20px||40px|&#8221; custom_padding=&#8221;0px|0px|0px|0px&#8221; animation_style=&#8221;fold&#8221; animation_direction=&#8221;bottom&#8221; animation_intensity_fold=&#8221;20%&#8221; global_colors_info=&#8221;{}&#8221;]<\/p>\n<p>Please provide the Candidate\u2019s details as requested in the next form.<\/p>\n<p>[\/et_pb_text][et_pb_social_media_follow _builder_version=&#8221;4.16&#8243; global_colors_info=&#8221;{}&#8221;][\/et_pb_social_media_follow][\/et_pb_column][et_pb_column type=&#8221;2_3&#8243; _builder_version=&#8221;4.16&#8243; background_color=&#8221;#ffffff&#8221; background_position=&#8221;top_left&#8221; custom_padding=&#8221;50px|40px|50px|40px&#8221; global_colors_info=&#8221;{}&#8221; custom_padding__hover=&#8221;|||&#8221;][et_pb_contact_form captcha=&#8221;off&#8221; email=&#8221;aebarcelona@fundaciorecerca.cat&#8221; success_message=&#8221;<\/p>\n<p><span>Thank you for your proposal. <\/span><\/p>\n<p><span>It has been submitted correctly.<\/span><\/p>\n<p>&#8221; submit_button_text=&#8221;Send candidature&#8221; module_class=&#8221;candidature-form&#8221; _builder_version=&#8221;4.21.0&#8243; _module_preset=&#8221;default&#8221; _unique_id=&#8221;candidature-propose-form-5695&#8243; form_field_background_color=&#8221;#FFFFFF&#8221; form_field_text_color=&#8221;#000000&#8243; custom_button=&#8221;on&#8221; button_text_color=&#8221;#FFFFFF&#8221; button_bg_color=&#8221;#0C71C3&#8243; button_border_color=&#8221;RGBA(255,255,255,0)&#8221; button_border_radius=&#8221;0px&#8221; button_font=&#8221;|||on|||||&#8221; link_option_url_new_window=&#8221;on&#8221; collect_ip_useragent_details=&#8221;on&#8221; use_confirmation_email=&#8221;on&#8221; confirmation_email_subject=&#8221;Thanks for your proposal&#8221; confirmation_email_message=&#8221;Thanks for your proposal.<\/p>\n<p>Yours sincerely,<\/p>\n<p>AE-BKHub&#8221; success_message_padding=&#8221;10px|10px|10px|10px|false|false&#8221; success_message_border=&#8221;on|1px|1px|1px|1px&#8221; success_message_border_color=&#8221;#7CDA24&#8243; success_message_border_width=&#8221;1px&#8221; success_message_heading_color=&#8221;#000000&#8243; success_message_heading_size=&#8221;14px&#8221; success_message_font_color=&#8221;#000000&#8243; success_message_font_size=&#8221;14px&#8221; errormessage_wrapper_padding=&#8221;10px|10px|10px|10px|false|false&#8221; errormessage_wrapper_border=&#8221;on|1px|1px|1px|1px&#8221; errormessage_wrapper_border_color=&#8221;#E02B20&#8243; errormessage_wrapper_border_width=&#8221;1px&#8221; errormessage_fill_fontcolor=&#8221;#E02B20&#8243; errormessage_fill_fontsize=&#8221;14px&#8221; errormessage_errors_fontcolor=&#8221;#000000&#8243; errormessage_errors_fontsize=&#8221;14px&#8221; border_width_all=&#8221;1px&#8221; border_color_all=&#8221;#D6D6D6&#8243; global_colors_info=&#8221;{}&#8221;][et_pb_contact_field field_id=&#8221;Part_1_Candidate_details&#8221; field_title=&#8221;Part 1: Candidate Details&#8221; fullwidth_field=&#8221;on&#8221; _builder_version=&#8221;4.21.0&#8243; _module_preset=&#8221;default&#8221; use_field_html=&#8221;on&#8221; field_htmlcontent=&#8221;<\/p>\n<p><strong>Part 1: CANDIDATE DETAILS<\/strong><\/p>\n<p><em>Please provide the Candidate\u2019s details as requested below:<\/em><\/p>\n<p>&#8221; global_colors_info=&#8221;{}&#8221;][\/et_pb_contact_field][et_pb_contact_field field_id=&#8221;Family_name&#8221; field_title=&#8221;Candidate family name&#8221; fullwidth_field=&#8221;on&#8221; _builder_version=&#8221;4.21.0&#8243; _module_preset=&#8221;default&#8221; global_colors_info=&#8221;{}&#8221;][\/et_pb_contact_field][et_pb_contact_field field_id=&#8221;First_name&#8221; field_title=&#8221;First name&#8221; fullwidth_field=&#8221;on&#8221; _builder_version=&#8221;4.21.0&#8243; global_colors_info=&#8221;{}&#8221; button_text_size__hover_enabled=&#8221;off&#8221; button_one_text_size__hover_enabled=&#8221;off&#8221; button_two_text_size__hover_enabled=&#8221;off&#8221; button_text_color__hover_enabled=&#8221;off&#8221; button_one_text_color__hover_enabled=&#8221;off&#8221; button_two_text_color__hover_enabled=&#8221;off&#8221; button_border_width__hover_enabled=&#8221;off&#8221; button_one_border_width__hover_enabled=&#8221;off&#8221; button_two_border_width__hover_enabled=&#8221;off&#8221; button_border_color__hover_enabled=&#8221;off&#8221; button_one_border_color__hover_enabled=&#8221;off&#8221; button_two_border_color__hover_enabled=&#8221;off&#8221; button_border_radius__hover_enabled=&#8221;off&#8221; button_one_border_radius__hover_enabled=&#8221;off&#8221; button_two_border_radius__hover_enabled=&#8221;off&#8221; button_letter_spacing__hover_enabled=&#8221;off&#8221; button_one_letter_spacing__hover_enabled=&#8221;off&#8221; button_two_letter_spacing__hover_enabled=&#8221;off&#8221; button_bg_color__hover_enabled=&#8221;off&#8221; button_one_bg_color__hover_enabled=&#8221;off&#8221; button_two_bg_color__hover_enabled=&#8221;off&#8221;][\/et_pb_contact_field][et_pb_contact_field field_id=&#8221;Date_of_birth&#8221; field_title=&#8221;Date of birth&#8221; _builder_version=&#8221;4.21.0&#8243; _module_preset=&#8221;default&#8221; global_colors_info=&#8221;{}&#8221;][\/et_pb_contact_field][et_pb_contact_field field_id=&#8221;Place_of_birth&#8221; field_title=&#8221;Place of birth&#8221; _builder_version=&#8221;4.21.0&#8243; _module_preset=&#8221;default&#8221; global_colors_info=&#8221;{}&#8221;][\/et_pb_contact_field][et_pb_contact_field field_id=&#8221;Field&#8221; field_title=&#8221;Field&#8221; fullwidth_field=&#8221;on&#8221; _builder_version=&#8221;4.21.0&#8243; _module_preset=&#8221;default&#8221; global_colors_info=&#8221;{}&#8221;][\/et_pb_contact_field][et_pb_contact_field field_id=&#8221;Academic_title&#8221; field_title=&#8221;Academic title&#8221; fullwidth_field=&#8221;on&#8221; _builder_version=&#8221;4.21.0&#8243; _module_preset=&#8221;default&#8221; global_colors_info=&#8221;{}&#8221;][\/et_pb_contact_field][et_pb_contact_field field_id=&#8221;Organisation&#8221; field_title=&#8221;Organisation&#8221; fullwidth_field=&#8221;on&#8221; _builder_version=&#8221;4.21.0&#8243; _module_preset=&#8221;default&#8221; global_colors_info=&#8221;{}&#8221;][\/et_pb_contact_field][et_pb_contact_field field_id=&#8221;Country_of_residence&#8221; field_title=&#8221;Country of residence&#8221; fullwidth_field=&#8221;on&#8221; _builder_version=&#8221;4.21.0&#8243; _module_preset=&#8221;default&#8221; global_colors_info=&#8221;{}&#8221;][\/et_pb_contact_field][et_pb_contact_field field_id=&#8221;Contact_details&#8221; field_title=&#8221;Contact details for notification purposes (telephone, e-mail)&#8221; fullwidth_field=&#8221;on&#8221; _builder_version=&#8221;4.21.0&#8243; global_colors_info=&#8221;{}&#8221; button_text_size__hover_enabled=&#8221;off&#8221; button_one_text_size__hover_enabled=&#8221;off&#8221; button_two_text_size__hover_enabled=&#8221;off&#8221; button_text_color__hover_enabled=&#8221;off&#8221; button_one_text_color__hover_enabled=&#8221;off&#8221; button_two_text_color__hover_enabled=&#8221;off&#8221; button_border_width__hover_enabled=&#8221;off&#8221; button_one_border_width__hover_enabled=&#8221;off&#8221; button_two_border_width__hover_enabled=&#8221;off&#8221; button_border_color__hover_enabled=&#8221;off&#8221; button_one_border_color__hover_enabled=&#8221;off&#8221; button_two_border_color__hover_enabled=&#8221;off&#8221; button_border_radius__hover_enabled=&#8221;off&#8221; button_one_border_radius__hover_enabled=&#8221;off&#8221; button_two_border_radius__hover_enabled=&#8221;off&#8221; button_letter_spacing__hover_enabled=&#8221;off&#8221; button_one_letter_spacing__hover_enabled=&#8221;off&#8221; button_two_letter_spacing__hover_enabled=&#8221;off&#8221; button_bg_color__hover_enabled=&#8221;off&#8221; button_one_bg_color__hover_enabled=&#8221;off&#8221; button_two_bg_color__hover_enabled=&#8221;off&#8221;][\/et_pb_contact_field][et_pb_contact_field field_id=&#8221;Part_2_case_for_election&#8221; field_title=&#8221;Part 2&#8243; fullwidth_field=&#8221;on&#8221; _builder_version=&#8221;4.21.0&#8243; _module_preset=&#8221;default&#8221; use_field_html=&#8221;on&#8221; field_htmlcontent=&#8221;<\/p>\n<p><strong>Part 2: CASE FOR ELECTION<\/strong><\/p>\n<p><em>This nomination is motivated by the Candidate\u2019s following merits and achievements and by the impact of her\/his work on society, as summarised below: <\/em><\/p>\n<p><em>(This information may appear in greater detail on the Candidate\u2019s attached CV.)<\/em><\/p>\n<p>&#8221; global_colors_info=&#8221;{}&#8221;][\/et_pb_contact_field][et_pb_contact_field field_id=&#8221;Case_of_selection&#8221; field_title=&#8221;(Please limit this text to 1500 characters maximum.)&#8221; field_type=&#8221;text&#8221; fullwidth_field=&#8221;on&#8221; _builder_version=&#8221;4.21.0&#8243; global_colors_info=&#8221;{}&#8221; button_text_size__hover_enabled=&#8221;off&#8221; button_one_text_size__hover_enabled=&#8221;off&#8221; button_two_text_size__hover_enabled=&#8221;off&#8221; button_text_color__hover_enabled=&#8221;off&#8221; button_one_text_color__hover_enabled=&#8221;off&#8221; button_two_text_color__hover_enabled=&#8221;off&#8221; button_border_width__hover_enabled=&#8221;off&#8221; button_one_border_width__hover_enabled=&#8221;off&#8221; button_two_border_width__hover_enabled=&#8221;off&#8221; button_border_color__hover_enabled=&#8221;off&#8221; button_one_border_color__hover_enabled=&#8221;off&#8221; button_two_border_color__hover_enabled=&#8221;off&#8221; button_border_radius__hover_enabled=&#8221;off&#8221; button_one_border_radius__hover_enabled=&#8221;off&#8221; button_two_border_radius__hover_enabled=&#8221;off&#8221; button_letter_spacing__hover_enabled=&#8221;off&#8221; button_one_letter_spacing__hover_enabled=&#8221;off&#8221; button_two_letter_spacing__hover_enabled=&#8221;off&#8221; button_bg_color__hover_enabled=&#8221;off&#8221; button_one_bg_color__hover_enabled=&#8221;off&#8221; button_two_bg_color__hover_enabled=&#8221;off&#8221;][\/et_pb_contact_field][et_pb_contact_field field_id=&#8221;Part_3_nomination_authorisation&#8221; field_title=&#8221;Part 3&#8243; fullwidth_field=&#8221;on&#8221; _builder_version=&#8221;4.21.0&#8243; _module_preset=&#8221;default&#8221; use_field_html=&#8221;on&#8221; field_htmlcontent=&#8221;<\/p>\n<p><strong>Part 3: NOMINATION AUTHORISATION<\/strong><\/p>\n<p><em>Please provide your personal data as requested below:<\/em><\/p>\n<p>&#8221; global_colors_info=&#8221;{}&#8221;][\/et_pb_contact_field][et_pb_contact_field field_id=&#8221;Nominator_1&#8243; field_title=&#8221;Nominator 1&#8243; fullwidth_field=&#8221;on&#8221; _builder_version=&#8221;4.21.0&#8243; _module_preset=&#8221;default&#8221; use_field_html=&#8221;on&#8221; field_htmlcontent=&#8221;<\/p>\n<p><strong>Nominator 1 (must be from a different country than Nominator 2)<\/strong><\/p>\n<p>&#8221; global_colors_info=&#8221;{}&#8221;][\/et_pb_contact_field][et_pb_contact_field field_id=&#8221;Family_name_3&#8243; field_title=&#8221;Nominator 1 family name&#8221; fullwidth_field=&#8221;on&#8221; _builder_version=&#8221;4.21.0&#8243; _module_preset=&#8221;default&#8221; global_colors_info=&#8221;{}&#8221;][\/et_pb_contact_field][et_pb_contact_field field_id=&#8221;First_name_3&#8243; field_title=&#8221;First name&#8221; fullwidth_field=&#8221;on&#8221; _builder_version=&#8221;4.21.0&#8243; global_colors_info=&#8221;{}&#8221; button_text_size__hover_enabled=&#8221;off&#8221; button_one_text_size__hover_enabled=&#8221;off&#8221; button_two_text_size__hover_enabled=&#8221;off&#8221; button_text_color__hover_enabled=&#8221;off&#8221; button_one_text_color__hover_enabled=&#8221;off&#8221; button_two_text_color__hover_enabled=&#8221;off&#8221; button_border_width__hover_enabled=&#8221;off&#8221; button_one_border_width__hover_enabled=&#8221;off&#8221; button_two_border_width__hover_enabled=&#8221;off&#8221; button_border_color__hover_enabled=&#8221;off&#8221; button_one_border_color__hover_enabled=&#8221;off&#8221; button_two_border_color__hover_enabled=&#8221;off&#8221; button_border_radius__hover_enabled=&#8221;off&#8221; button_one_border_radius__hover_enabled=&#8221;off&#8221; button_two_border_radius__hover_enabled=&#8221;off&#8221; button_letter_spacing__hover_enabled=&#8221;off&#8221; button_one_letter_spacing__hover_enabled=&#8221;off&#8221; button_two_letter_spacing__hover_enabled=&#8221;off&#8221; button_bg_color__hover_enabled=&#8221;off&#8221; button_one_bg_color__hover_enabled=&#8221;off&#8221; button_two_bg_color__hover_enabled=&#8221;off&#8221;][\/et_pb_contact_field][et_pb_contact_field field_id=&#8221;Field_3&#8243; field_title=&#8221;Field&#8221; fullwidth_field=&#8221;on&#8221; _builder_version=&#8221;4.21.0&#8243; _module_preset=&#8221;default&#8221; global_colors_info=&#8221;{}&#8221;][\/et_pb_contact_field][et_pb_contact_field field_id=&#8221;Academic_title_3&#8243; field_title=&#8221;Academic title&#8221; fullwidth_field=&#8221;on&#8221; _builder_version=&#8221;4.21.0&#8243; _module_preset=&#8221;default&#8221; global_colors_info=&#8221;{}&#8221;][\/et_pb_contact_field][et_pb_contact_field field_id=&#8221;Organisation_3&#8243; field_title=&#8221;Organisation&#8221; fullwidth_field=&#8221;on&#8221; _builder_version=&#8221;4.21.0&#8243; _module_preset=&#8221;default&#8221; global_colors_info=&#8221;{}&#8221;][\/et_pb_contact_field][et_pb_contact_field field_id=&#8221;Country_of_residence_3&#8243; field_title=&#8221;Country of residence&#8221; fullwidth_field=&#8221;on&#8221; _builder_version=&#8221;4.21.0&#8243; _module_preset=&#8221;default&#8221; global_colors_info=&#8221;{}&#8221;][\/et_pb_contact_field][et_pb_contact_field field_id=&#8221;Contact_details_3&#8243; field_title=&#8221;Contact details for notification purposes (telephone, e-mail)&#8221; fullwidth_field=&#8221;on&#8221; _builder_version=&#8221;4.21.0&#8243; global_colors_info=&#8221;{}&#8221; button_text_size__hover_enabled=&#8221;off&#8221; button_one_text_size__hover_enabled=&#8221;off&#8221; button_two_text_size__hover_enabled=&#8221;off&#8221; button_text_color__hover_enabled=&#8221;off&#8221; button_one_text_color__hover_enabled=&#8221;off&#8221; button_two_text_color__hover_enabled=&#8221;off&#8221; button_border_width__hover_enabled=&#8221;off&#8221; button_one_border_width__hover_enabled=&#8221;off&#8221; button_two_border_width__hover_enabled=&#8221;off&#8221; button_border_color__hover_enabled=&#8221;off&#8221; button_one_border_color__hover_enabled=&#8221;off&#8221; button_two_border_color__hover_enabled=&#8221;off&#8221; button_border_radius__hover_enabled=&#8221;off&#8221; button_one_border_radius__hover_enabled=&#8221;off&#8221; button_two_border_radius__hover_enabled=&#8221;off&#8221; button_letter_spacing__hover_enabled=&#8221;off&#8221; button_one_letter_spacing__hover_enabled=&#8221;off&#8221; button_two_letter_spacing__hover_enabled=&#8221;off&#8221; button_bg_color__hover_enabled=&#8221;off&#8221; button_one_bg_color__hover_enabled=&#8221;off&#8221; button_two_bg_color__hover_enabled=&#8221;off&#8221;][\/et_pb_contact_field][et_pb_contact_field field_id=&#8221;Are_you_a_member_of_Academia_Europaea_3&#8243; field_title=&#8221;Are you a member of Academia Europaea? &#8221; field_type=&#8221;select&#8221; select_options=&#8221;%91{%22value%22:%22Yes%22,%22checked%22:0,%22dragID%22:-1},{%22dragID%22:0,%22value%22:%22No%22,%22checked%22:0}%93&#8243; fullwidth_field=&#8221;on&#8221; _builder_version=&#8221;4.21.0&#8243; _module_preset=&#8221;default&#8221; global_colors_info=&#8221;{}&#8221;][\/et_pb_contact_field][et_pb_contact_field field_id=&#8221;Are_you_a_member_of_the_Scientific_Advisory_Council_of_Barcelona_3&#8243; field_title=&#8221;Are you a member of the Scientific Advisory Council of Barcelona?&#8221; field_type=&#8221;select&#8221; select_options=&#8221;%91{%22value%22:%22Yes%22,%22checked%22:0,%22dragID%22:-1},{%22dragID%22:0,%22value%22:%22No%22,%22checked%22:0}%93&#8243; fullwidth_field=&#8221;on&#8221; _builder_version=&#8221;4.21.0&#8243; _module_preset=&#8221;default&#8221; global_colors_info=&#8221;{}&#8221;][\/et_pb_contact_field][et_pb_contact_field field_id=&#8221;Description_nominator_2&#8243; field_title=&#8221;Nominator 2 description&#8221; fullwidth_field=&#8221;on&#8221; _builder_version=&#8221;4.21.0&#8243; _module_preset=&#8221;default&#8221; use_field_html=&#8221;on&#8221; field_htmlcontent=&#8221;<\/p>\n<p><em>Please provide the data requested below for a fellow Member of the Academia Europaea, from a different country than yourself, who also gives support to the present nomination:<\/em><\/p>\n<p>&#8221; global_colors_info=&#8221;{}&#8221;][\/et_pb_contact_field][et_pb_contact_field field_id=&#8221;Nominator_2&#8243; field_title=&#8221;Nominator 2&#8243; fullwidth_field=&#8221;on&#8221; _builder_version=&#8221;4.21.0&#8243; _module_preset=&#8221;default&#8221; use_field_html=&#8221;on&#8221; field_htmlcontent=&#8221;<\/p>\n<p><strong>Nominator 2 (must be different from Nominator 1)<\/strong><\/p>\n<p>&#8221; global_colors_info=&#8221;{}&#8221;][\/et_pb_contact_field][et_pb_contact_field field_id=&#8221;Family_name_4&#8243; field_title=&#8221;Nominator 2 family name&#8221; fullwidth_field=&#8221;on&#8221; _builder_version=&#8221;4.21.0&#8243; _module_preset=&#8221;default&#8221; global_colors_info=&#8221;{}&#8221;][\/et_pb_contact_field][et_pb_contact_field field_id=&#8221;First_name_4&#8243; field_title=&#8221;First name&#8221; fullwidth_field=&#8221;on&#8221; _builder_version=&#8221;4.21.0&#8243; global_colors_info=&#8221;{}&#8221; button_text_size__hover_enabled=&#8221;off&#8221; button_one_text_size__hover_enabled=&#8221;off&#8221; button_two_text_size__hover_enabled=&#8221;off&#8221; button_text_color__hover_enabled=&#8221;off&#8221; button_one_text_color__hover_enabled=&#8221;off&#8221; button_two_text_color__hover_enabled=&#8221;off&#8221; button_border_width__hover_enabled=&#8221;off&#8221; button_one_border_width__hover_enabled=&#8221;off&#8221; button_two_border_width__hover_enabled=&#8221;off&#8221; button_border_color__hover_enabled=&#8221;off&#8221; button_one_border_color__hover_enabled=&#8221;off&#8221; button_two_border_color__hover_enabled=&#8221;off&#8221; button_border_radius__hover_enabled=&#8221;off&#8221; button_one_border_radius__hover_enabled=&#8221;off&#8221; button_two_border_radius__hover_enabled=&#8221;off&#8221; button_letter_spacing__hover_enabled=&#8221;off&#8221; button_one_letter_spacing__hover_enabled=&#8221;off&#8221; button_two_letter_spacing__hover_enabled=&#8221;off&#8221; button_bg_color__hover_enabled=&#8221;off&#8221; button_one_bg_color__hover_enabled=&#8221;off&#8221; button_two_bg_color__hover_enabled=&#8221;off&#8221;][\/et_pb_contact_field][et_pb_contact_field field_id=&#8221;Field_4&#8243; field_title=&#8221;Field&#8221; fullwidth_field=&#8221;on&#8221; _builder_version=&#8221;4.21.0&#8243; _module_preset=&#8221;default&#8221; global_colors_info=&#8221;{}&#8221;][\/et_pb_contact_field][et_pb_contact_field field_id=&#8221;Academic_title_4&#8243; field_title=&#8221;Academic title&#8221; fullwidth_field=&#8221;on&#8221; _builder_version=&#8221;4.21.0&#8243; _module_preset=&#8221;default&#8221; global_colors_info=&#8221;{}&#8221;][\/et_pb_contact_field][et_pb_contact_field field_id=&#8221;Organisation_4&#8243; field_title=&#8221;Organisation&#8221; fullwidth_field=&#8221;on&#8221; _builder_version=&#8221;4.21.0&#8243; _module_preset=&#8221;default&#8221; global_colors_info=&#8221;{}&#8221;][\/et_pb_contact_field][et_pb_contact_field field_id=&#8221;Country_of_residence_4&#8243; field_title=&#8221;Country of residence&#8221; fullwidth_field=&#8221;on&#8221; _builder_version=&#8221;4.21.0&#8243; _module_preset=&#8221;default&#8221; global_colors_info=&#8221;{}&#8221;][\/et_pb_contact_field][et_pb_contact_field field_id=&#8221;Contact_details_4&#8243; field_title=&#8221;Contact details for notification purposes (telephone, e-mail)&#8221; fullwidth_field=&#8221;on&#8221; _builder_version=&#8221;4.21.0&#8243; global_colors_info=&#8221;{}&#8221; button_text_size__hover_enabled=&#8221;off&#8221; button_one_text_size__hover_enabled=&#8221;off&#8221; button_two_text_size__hover_enabled=&#8221;off&#8221; button_text_color__hover_enabled=&#8221;off&#8221; button_one_text_color__hover_enabled=&#8221;off&#8221; button_two_text_color__hover_enabled=&#8221;off&#8221; button_border_width__hover_enabled=&#8221;off&#8221; button_one_border_width__hover_enabled=&#8221;off&#8221; button_two_border_width__hover_enabled=&#8221;off&#8221; button_border_color__hover_enabled=&#8221;off&#8221; button_one_border_color__hover_enabled=&#8221;off&#8221; button_two_border_color__hover_enabled=&#8221;off&#8221; button_border_radius__hover_enabled=&#8221;off&#8221; button_one_border_radius__hover_enabled=&#8221;off&#8221; button_two_border_radius__hover_enabled=&#8221;off&#8221; button_letter_spacing__hover_enabled=&#8221;off&#8221; button_one_letter_spacing__hover_enabled=&#8221;off&#8221; button_two_letter_spacing__hover_enabled=&#8221;off&#8221; button_bg_color__hover_enabled=&#8221;off&#8221; button_one_bg_color__hover_enabled=&#8221;off&#8221; button_two_bg_color__hover_enabled=&#8221;off&#8221;][\/et_pb_contact_field][et_pb_contact_field field_id=&#8221;Are_you_a_member_of_Academia_Europaea_4&#8243; field_title=&#8221;Are you a member of Academia Europaea? &#8221; field_type=&#8221;select&#8221; select_options=&#8221;%91{%22value%22:%22Yes%22,%22checked%22:0,%22dragID%22:-1},{%22dragID%22:0,%22value%22:%22No%22,%22checked%22:0}%93&#8243; fullwidth_field=&#8221;on&#8221; _builder_version=&#8221;4.21.0&#8243; _module_preset=&#8221;default&#8221; global_colors_info=&#8221;{}&#8221;][\/et_pb_contact_field][et_pb_contact_field field_id=&#8221;Nominator_2_will_be_contact_4&#8243; field_title=&#8221;Nominator 2 will be contact&#8221; fullwidth_field=&#8221;on&#8221; _builder_version=&#8221;4.21.0&#8243; _module_preset=&#8221;default&#8221; use_field_html=&#8221;on&#8221; field_htmlcontent=&#8221;<\/p>\n<p><em>(Nominator 2 will be contacted directly by AE-BKH for validation.)<\/em><\/p>\n<p>&#8221; global_colors_info=&#8221;{}&#8221;][\/et_pb_contact_field][et_pb_contact_field field_id=&#8221;Part_4_curriculum_vitae&#8221; field_title=&#8221;Part 4&#8243; fullwidth_field=&#8221;on&#8221; _builder_version=&#8221;4.21.0&#8243; _module_preset=&#8221;default&#8221; use_field_html=&#8221;on&#8221; field_htmlcontent=&#8221;<\/p>\n<p><strong>Part 4: CURRICULUM VITAE OF THE CANDIDATE<\/strong><\/p>\n<p><em>It is recommended to include the Candidate\u2019s CV, in any format, as an attached PDF file.<\/em><\/p>\n<p>&#8221; global_colors_info=&#8221;{}&#8221;][\/et_pb_contact_field][et_pb_contact_field field_id=&#8221;Candidate_cv&#8221; field_title=&#8221;Candidate&#8217;s CV&#8221; fullwidth_field=&#8221;on&#8221; _builder_version=&#8221;4.21.0&#8243; _module_preset=&#8221;default&#8221; field_placeholder=&#8221;Candidate&#8217;s CV&#8221; field_description=&#8221;Candidate&#8217;s CV&#8221; use_file_upload=&#8221;on&#8221; file_size=&#8221;8192&#8243; files_limit=&#8221;1&#8243; file_mime=&#8221;off|off|off|off|off|off|off|off|off|off|off|off|off|off|off|off|off|off|off|off|off|off|off|off|off|off|off|off|off|off|off|off|off|off|off|off|off|off|off|off|off|off|off|off|on|off|off|off|off|off|off|off|off|off|off|off|off|off|off|off|off|off|off|off|off|off|off|off|off|off|off|off|off|off|off|off|off|off|off|off|off|off|off|off|off|off|off|off|off|off|off|off&#8221; global_colors_info=&#8221;{}&#8221;][\/et_pb_contact_field][et_pb_contact_field field_id=&#8221;legal&#8221; field_title=&#8221;Agreement with privacy policy and Organic Law on Personal Data&#8221; field_type=&#8221;checkbox&#8221; checkbox_options=&#8221;%91{%22value%22:%22Accept%22,%22checked%22:0,%22dragID%22:-1}%93&#8243; fullwidth_field=&#8221;on&#8221; _builder_version=&#8221;4.21.0&#8243; _module_preset=&#8221;default&#8221; link_option_url=&#8221;https:\/\/www.fundaciorecerca.cat\/en\/legal-notice&#8221; link_option_url_new_window=&#8221;on&#8221; global_colors_info=&#8221;{}&#8221;][\/et_pb_contact_field][et_pb_contact_field field_id=&#8221;nominator_1_legal&#8221; field_title=&#8221;Nominator 1 accepts the use of the personal data contained herein for all purposes related to the Barcelona Hypatia European Science Prize.&#8221; field_type=&#8221;checkbox&#8221; checkbox_options=&#8221;%91{%22value%22:%22Accept%22,%22checked%22:0,%22dragID%22:-1}%93&#8243; fullwidth_field=&#8221;on&#8221; _builder_version=&#8221;4.21.0&#8243; _module_preset=&#8221;default&#8221; link_option_url=&#8221;https:\/\/www.fundaciorecerca.cat\/en\/legal-notice&#8221; link_option_url_new_window=&#8221;on&#8221; global_colors_info=&#8221;{}&#8221;][\/et_pb_contact_field][et_pb_contact_field field_id=&#8221;nominator_2_legal&#8221; field_title=&#8221;Nominator 2 accepts the use of the personal data contained herein for all purposes related to the Barcelona Hypatia European Science Prize.&#8221; field_type=&#8221;checkbox&#8221; checkbox_options=&#8221;%91{%22value%22:%22Accept%22,%22checked%22:0,%22dragID%22:-1}%93&#8243; fullwidth_field=&#8221;on&#8221; _builder_version=&#8221;4.21.0&#8243; _module_preset=&#8221;default&#8221; link_option_url=&#8221;https:\/\/www.fundaciorecerca.cat\/en\/legal-notice&#8221; link_option_url_new_window=&#8221;on&#8221; global_colors_info=&#8221;{}&#8221;][\/et_pb_contact_field][\/et_pb_contact_form][\/et_pb_column][\/et_pb_row][\/et_pb_section]<\/p>\n","protected":false},"excerpt":{"rendered":"<p>CONVOCAT\u00d2RIA DE LA CINQUENA EDICI\u00d3!Requisits de les candidatures \u00a0En aquesta cinquena edici\u00f3, les candidatures proposades han de provenir de l\u2019\u00e0mbit del coneixement de les Ci\u00e8ncies de la Vida i de [&hellip;]<\/p>\n","protected":false},"author":1,"featured_media":0,"parent":0,"menu_order":0,"comment_status":"closed","ping_status":"closed","template":"","meta":{"_et_pb_use_builder":"on","_et_pb_old_content":"","_et_gb_content_width":"","om_disable_all_campaigns":false,"_uf_show_specific_survey":0,"_uf_disable_surveys":false,"footnotes":""},"class_list":["post-8025","page","type-page","status-publish","hentry"],"aioseo_notices":[],"_links":{"self":[{"href":"https:\/\/aebarcelona.eu\/ca\/wp-json\/wp\/v2\/pages\/8025","targetHints":{"allow":["GET"]}}],"collection":[{"href":"https:\/\/aebarcelona.eu\/ca\/wp-json\/wp\/v2\/pages"}],"about":[{"href":"https:\/\/aebarcelona.eu\/ca\/wp-json\/wp\/v2\/types\/page"}],"author":[{"embeddable":true,"href":"https:\/\/aebarcelona.eu\/ca\/wp-json\/wp\/v2\/users\/1"}],"replies":[{"embeddable":true,"href":"https:\/\/aebarcelona.eu\/ca\/wp-json\/wp\/v2\/comments?post=8025"}],"version-history":[{"count":2,"href":"https:\/\/aebarcelona.eu\/ca\/wp-json\/wp\/v2\/pages\/8025\/revisions"}],"predecessor-version":[{"id":8028,"href":"https:\/\/aebarcelona.eu\/ca\/wp-json\/wp\/v2\/pages\/8025\/revisions\/8028"}],"wp:attachment":[{"href":"https:\/\/aebarcelona.eu\/ca\/wp-json\/wp\/v2\/media?parent=8025"}],"curies":[{"name":"wp","href":"https:\/\/api.w.org\/{rel}","templated":true}]}}